{"id":16189,"date":"2024-03-25T14:53:09","date_gmt":"2024-03-25T13:53:09","guid":{"rendered":"https:\/\/bgc-muenchen.de\/?page_id=16189"},"modified":"2025-10-15T19:57:55","modified_gmt":"2025-10-15T17:57:55","slug":"tag-der-offenen-tuer-4","status":"publish","type":"page","link":"https:\/\/bgc-muenchen.de\/?page_id=16189","title":{"rendered":"Tag der offenen T\u00fcr am 19. Oktober 2025"},"content":{"rendered":"<p>Wir freuen uns bereits in diesem Jahr wieder die T\u00fcren \u00f6ffnen zu k\u00f6nnen und laden alle Tanzbegeisterte zum Tag der Offenen T\u00fcr ein! Besuchen Sie uns am<strong>\u00a0<\/strong><\/p>\n<p style=\"text-align: center;\"><strong>Sonntag, 19. Oktober 2025 \u2013 von 14 bis 19 Uhr\u00a0 <\/strong><\/p>\n<p>in unserem Clubheim in der Ohmstra\u00dfe 14, 85757 Karlsfeld.<\/p>\n<p>Zu jeder vollen Stunde gibt es kurze Workshops zum Mitmachen oder einfach nur sehen und h\u00f6ren, wer wir sind und was wir in unserem Verein alles anbieten.<\/p>\n<p style=\"text-align: center;\"><strong>F\u00fcr den Hunger zwischendurch sorgt ein buntes Kuchenbuffet.<\/strong><\/p>\n<p>Darbietungen von unseren Tanzgruppen und Einzelpaaren werden Sie in gute Laune versetzen. Erleben sie mit uns einen beschwingten Nachmittag voller Musik \u2013 von Salsa bis Walzer und jede Menge lebenslustiger netter Leute.<\/p>\n<p>\u00a0<\/p>\n<p><strong>Programm:<\/strong><\/p>\n<table>\n<tbody>\n<tr>\n<td>14:00 Uhr<\/td>\n<td>Begr\u00fc\u00dfung der G\u00e4ste<\/td>\n<\/tr>\n<tr>\n<td>\u00a0<\/td>\n<td>\u00a0<\/td>\n<\/tr>\n<tr>\n<td>\u00a0<\/td>\n<td>\u00a0<\/td>\n<\/tr>\n<tr>\n<td>\u00a0<\/td>\n<td>\u00a0<\/td>\n<\/tr>\n<tr>\n<td>\u00a0<\/td>\n<td>\u00a0<\/td>\n<\/tr>\n<tr>\n<td>\u00a0<\/td>\n<td>\u00a0<\/td>\n<\/tr>\n<tr>\n<td>\u00a0<\/td>\n<td>\u00a0<\/td>\n<\/tr>\n<tr>\n<td>\u00a0<\/td>\n<td>\u00a0<\/td>\n<\/tr>\n<tr>\n<td>\u00a0<\/td>\n<td>\u00a0<\/td>\n<\/tr>\n<tr>\n<td>\u00a0<\/td>\n<td>\u00a0<\/td>\n<\/tr>\n<tr>\n<td>\u00a0<\/td>\n<td>\u00a0<\/td>\n<\/tr>\n<tr>\n<td>\u00a0<\/td>\n<td>\u00a0<\/td>\n<\/tr>\n<tr>\n<td>\u00a0<\/td>\n<td>\u00a0<\/td>\n<\/tr>\n<tr>\n<td>\u00a0<\/td>\n<td>\u00a0<\/td>\n<\/tr>\n<tr>\n<td>\u00a0<\/td>\n<td>\u00a0<\/td>\n<\/tr>\n<tr>\n<td>\u00a0<\/td>\n<td>\u00a0<\/td>\n<\/tr>\n<\/tbody>\n<\/table>\n<p><a href=\"https:\/\/bgc-muenchen.de\/events\/tag-der-offenen-tuer-2024\/\" target=\"_blank\" rel=\"noopener\">Zur Veranstaltung<\/a><\/p>\n<p>\u00a0<\/p>\n<p>\u00a0<\/p>\n","protected":false},"excerpt":{"rendered":"<p>Wir freuen uns bereits in diesem Jahr wieder die T\u00fcren \u00f6ffnen zu k\u00f6nnen und laden alle Tanzbegeisterte zum Tag der Offenen T\u00fcr ein! Besuchen Sie uns am\u00a0 Sonntag, 19. Oktober [&hellip;]<\/p>\n","protected":false},"author":71,"featured_media":16655,"parent":0,"menu_order":0,"comment_status":"closed","ping_status":"closed","template":"","meta":{"site-sidebar-layout":"default","site-content-layout":"","ast-site-content-layout":"default","site-content-style":"default","site-sidebar-style":"default","ast-global-header-display":"","ast-banner-title-visibility":"","ast-main-header-display":"","ast-hfb-above-header-display":"","ast-hfb-below-header-display":"","ast-hfb-mobile-header-display":"","site-post-title":"","ast-breadcrumbs-content":"","ast-featured-img":"","footer-sml-layout":"","ast-disable-related-posts":"","theme-transparent-header-meta":"","adv-header-id-meta":"","stick-header-meta":"","header-above-stick-meta":"","header-main-stick-meta":"","header-below-stick-meta":"","astra-migrate-meta-layouts":"default","ast-page-background-enabled":"default","ast-page-background-meta":{"desktop":{"background-color":"var(--ast-global-color-5)","background-image":"","background-repeat":"repeat","background-position":"center center","background-size":"auto","background-attachment":"scroll","background-type":"","background-media":"","overlay-type":"","overlay-color":"","overlay-opacity":"","overlay-gradient":""},"tablet":{"background-color":"","background-image":"","background-repeat":"repeat","background-position":"center center","background-size":"auto","background-attachment":"scroll","background-type":"","background-media":"","overlay-type":"","overlay-color":"","overlay-opacity":"","overlay-gradient":""},"mobile":{"background-color":"","background-image":"","background-repeat":"repeat","background-position":"center center","background-size":"auto","background-attachment":"scroll","background-type":"","background-media":"","overlay-type":"","overlay-color":"","overlay-opacity":"","overlay-gradient":""}},"ast-content-background-meta":{"desktop":{"background-color":"var(--ast-global-color-4)","background-image":"","background-repeat":"repeat","background-position":"center center","background-size":"auto","background-attachment":"scroll","background-type":"","background-media":"","overlay-type":"","overlay-color":"","overlay-opacity":"","overlay-gradient":""},"tablet":{"background-color":"var(--ast-global-color-4)","background-image":"","background-repeat":"repeat","background-position":"center center","background-size":"auto","background-attachment":"scroll","background-type":"","background-media":"","overlay-type":"","overlay-color":"","overlay-opacity":"","overlay-gradient":""},"mobile":{"background-color":"var(--ast-global-color-4)","background-image":"","background-repeat":"repeat","background-position":"center center","background-size":"auto","background-attachment":"scroll","background-type":"","background-media":"","overlay-type":"","overlay-color":"","overlay-opacity":"","overlay-gradient":""}},"footnotes":""},"class_list":["post-16189","page","type-page","status-publish","has-post-thumbnail","hentry"],"_links":{"self":[{"href":"https:\/\/bgc-muenchen.de\/index.php?rest_route=\/wp\/v2\/pages\/16189","targetHints":{"allow":["GET"]}}],"collection":[{"href":"https:\/\/bgc-muenchen.de\/index.php?rest_route=\/wp\/v2\/pages"}],"about":[{"href":"https:\/\/bgc-muenchen.de\/index.php?rest_route=\/wp\/v2\/types\/page"}],"author":[{"embeddable":true,"href":"https:\/\/bgc-muenchen.de\/index.php?rest_route=\/wp\/v2\/users\/71"}],"replies":[{"embeddable":true,"href":"https:\/\/bgc-muenchen.de\/index.php?rest_route=%2Fwp%2Fv2%2Fcomments&post=16189"}],"version-history":[{"count":7,"href":"https:\/\/bgc-muenchen.de\/index.php?rest_route=\/wp\/v2\/pages\/16189\/revisions"}],"predecessor-version":[{"id":17061,"href":"https:\/\/bgc-muenchen.de\/index.php?rest_route=\/wp\/v2\/pages\/16189\/revisions\/17061"}],"wp:featuredmedia":[{"embeddable":true,"href":"https:\/\/bgc-muenchen.de\/index.php?rest_route=\/wp\/v2\/media\/16655"}],"wp:attachment":[{"href":"https:\/\/bgc-muenchen.de\/index.php?rest_route=%2Fwp%2Fv2%2Fmedia&parent=16189"}],"curies":[{"name":"wp","href":"https:\/\/api.w.org\/{rel}","templated":true}]}}